{"id":2,"date":"2023-12-11T10:54:20","date_gmt":"2023-12-11T09:54:20","guid":{"rendered":"http:\/\/lecarredessports.fr\/?page_id=2"},"modified":"2026-03-17T11:22:53","modified_gmt":"2026-03-17T10:22:53","slug":"mentions-legales","status":"publish","type":"page","link":"https:\/\/lecarredessports.fr\/index.php\/mentions-legales\/","title":{"rendered":"Mentions l\u00e9gales"},"content":{"rendered":"\n<p class=\"has-colibri-color-6-color has-text-color has-link-color wp-elements-953d7ff87ac25b1ea42f91434131f816\" id=\"block-72f2c5c9-c19d-4dba-890d-452f581d6564\">La T\u00f2ca<br>Si\u00e8ge social : 350 Avenue de Garossos 31700 BEAUZELLE<\/p>\n\n\n\n<p class=\"has-colibri-color-6-color has-text-color has-link-color wp-elements-028290c5f0f006bef232d2f6a4fc8faf\" id=\"block-d7d0baaa-72af-4e57-b13d-64ed66c30e30\">SARL au capital de 2500 euros<br>N\u00b0 Siret  982 120 883 00011 \u2013 RCS TOULOUSE<br>Code APE 5610A \u2013 N\u00b0 TVA Intracommunautaire FR77982120883<\/p>\n\n\n\n<p class=\"has-colibri-color-6-color has-text-color has-link-color wp-elements-b7687e80ac03d17c143cf6776298a242\" id=\"block-480811bb-2a30-4248-87d9-18cf11130f98\">T\u00e9l : 05.40.24.84.11  \u2013 Contact :&nbsp;<a href=\"mailto:contact@lecarredessports.fr\" target=\"_blank\" rel=\"noreferrer noopener\">contact@lecarredessports.fr<\/a><\/p>\n\n\n\n<h3 class=\"wp-block-heading\" id=\"block-65fcd16a-0e22-46fd-ad67-63efaa8387fa\">H\u00e9bergement<\/h3>\n\n\n\n<p class=\"has-colibri-color-6-color has-text-color has-link-color wp-elements-caceac677afd976411d67c70a91bea1c\" id=\"block-24b56407-274a-4945-b13e-fb97e0e08f03\">OVH \u2013 2 Rue Kellermann \u2013 59100 ROUBAIX France<\/p>\n\n\n\n<p class=\"has-colibri-color-6-color has-text-color has-link-color wp-elements-835a0fb4764bdaaf2ddbdf382f28faa6\" id=\"block-2b596d19-9139-4715-b3d8-bfbd99ec1d13\">T\u00e9l : 08.20.69.87.65<\/p>\n\n\n\n<p class=\"has-colibri-color-6-color has-text-color has-link-color wp-elements-b0ae59a83065a7fa4f7997b7bb1c5c9e\" id=\"block-4acb8b3c-146f-4b0d-a1b1-e962b0739bc2\">Responsable de la publication : Monsieur LACOMBE Laurent \u2013 05.40.24.84.11 <a href=\"mailto:contact@lecarredessports.fr\" target=\"_blank\" rel=\"noreferrer noopener\">contact@lecarredessports.fr<\/a><\/p>\n\n\n\n<h3 class=\"wp-block-heading\" id=\"block-5eed6e44-8c9a-4f3c-81b4-9973cda2084b\">Droits d\u2019auteur<\/h3>\n\n\n\n<p class=\"has-colibri-color-6-color has-text-color has-link-color wp-elements-4d80b2ae94411d6b76c76c507537d507\" id=\"block-56f9f6f5-1e55-4f9b-a0cc-9f6c8cc72969\">Les droits d\u2019auteur attach\u00e9s \u00e0 tout contenu fourni sur ce site web appartiennent \u00e0 La T\u00f2ca ou au propri\u00e9taire tiers du contenu. Sous r\u00e9serve des stipulations pr\u00e9sentes, aucun contenu de ce site Web ne peut \u00eatre copi\u00e9, reproduit, distribu\u00e9, republi\u00e9, t\u00e9l\u00e9charg\u00e9, affich\u00e9, mis en ligne ni transmis sous quelque forme et de quelque mani\u00e8re que ce soit, y compris notamment sous forme \u00e9lectronique, photocopie m\u00e9canique, enregistrement ou autre sans l\u2019autorisation \u00e9crite pr\u00e9alable de La T\u00f2ca ou du propri\u00e9taire tiers du contenu. L\u2019utilisation non autoris\u00e9e d\u2019un contenu de ce site peut constituer une violation des lois relatives aux droits d\u2019auteur, aux r\u00e9glementations relatives \u00e0 la confidentialit\u00e9 et \u00e0 la publicit\u00e9 et aux lois et r\u00e9glementations r\u00e9gissant les communications ainsi que toutes autres lois nationales et locales.<\/p>\n\n\n\n<h3 class=\"wp-block-heading\" id=\"block-24ef04e4-d56c-40a5-a93b-e487841e3af7\">Traitement des donn\u00e9es personnelles<\/h3>\n\n\n\n<p class=\"has-colibri-color-6-color has-text-color has-link-color wp-elements-481fa1d4bf720d4310cad76626e938eb\" id=\"block-cb89e8d9-8210-45f4-9763-1b3b3e1afe97\">Conform\u00e9ment \u00e0 la loi Informatique et Libert\u00e9s du 6 janvier 1978, vous disposez aupr\u00e8s de La T\u00f2ca d\u2019un droit d\u2019acc\u00e8s, de rectification ou de suppression concernant les donn\u00e9es personnelles que nous pourrions \u00eatre amen\u00e9s \u00e0 recueillir. Ces donn\u00e9es sont celles que vous aurez volontairement enregistr\u00e9es lors de demandes d\u2019information. Aucune information personnelle vous concernant n\u2019est c\u00e9d\u00e9e \u00e0 des tiers ou utilis\u00e9e \u00e0 des fins non pr\u00e9vues.<\/p>\n","protected":false},"excerpt":{"rendered":"<p>La T\u00f2caSi\u00e8ge social : 350 Avenue de Garossos 31700 BEAUZELLE SARL au capital de 2500 eurosN\u00b0 Siret 982 120 883 00011 \u2013 RCS TOULOUSECode APE 5610A \u2013 N\u00b0 TVA Intracommunautaire FR77982120883 T\u00e9l : 05.40.24.84.11 \u2013 Contact :&nbsp;contact@lecarredessports.fr H\u00e9bergement OVH \u2013 2 Rue Kellermann \u2013 59100 ROUBAIX France T\u00e9l : 08.20.69.87.65 Responsable de la publication : [&hellip;]<\/p>\n","protected":false},"author":1,"featured_media":0,"parent":0,"menu_order":0,"comment_status":"closed","ping_status":"closed","template":"","meta":{"footnotes":""},"class_list":["post-2","page","type-page","status-publish","hentry"],"yoast_head":"<!-- This site is optimized with the Yoast SEO plugin v21.8 - https:\/\/yoast.com\/wordpress\/plugins\/seo\/ -->\n<title>Mentions l\u00e9gales - Le Carr\u00e9 des Sports<\/title>\n<meta name=\"robots\" content=\"index, follow, max-snippet:-1, max-image-preview:large, max-video-preview:-1\" \/>\n<link rel=\"canonical\" href=\"https:\/\/lecarredessports.fr\/index.php\/mentions-legales\/\" \/>\n<meta property=\"og:locale\" content=\"fr_FR\" \/>\n<meta property=\"og:type\" content=\"article\" \/>\n<meta property=\"og:title\" content=\"Mentions l\u00e9gales - Le Carr\u00e9 des Sports\" \/>\n<meta property=\"og:description\" content=\"La T\u00f2caSi\u00e8ge social : 350 Avenue de Garossos 31700 BEAUZELLE SARL au capital de 2500 eurosN\u00b0 Siret 982 120 883 00011 \u2013 RCS TOULOUSECode APE 5610A \u2013 N\u00b0 TVA Intracommunautaire FR77982120883 T\u00e9l : 05.40.24.84.11 \u2013 Contact :&nbsp;contact@lecarredessports.fr H\u00e9bergement OVH \u2013 2 Rue Kellermann \u2013 59100 ROUBAIX France T\u00e9l : 08.20.69.87.65 Responsable de la publication : [&hellip;]\" \/>\n<meta property=\"og:url\" content=\"https:\/\/lecarredessports.fr\/index.php\/mentions-legales\/\" \/>\n<meta property=\"og:site_name\" content=\"Le Carr\u00e9 des Sports\" \/>\n<meta property=\"article:publisher\" content=\"https:\/\/www.facebook.com\/profile.php?id=61554925211277\" \/>\n<meta property=\"article:modified_time\" content=\"2026-03-17T10:22:53+00:00\" \/>\n<meta name=\"twitter:card\" content=\"summary_large_image\" \/>\n<meta name=\"twitter:label1\" content=\"Dur\u00e9e de lecture estim\u00e9e\" \/>\n\t<meta name=\"twitter:data1\" content=\"2 minutes\" \/>\n<script type=\"application\/ld+json\" class=\"yoast-schema-graph\">{\"@context\":\"https:\/\/schema.org\",\"@graph\":[{\"@type\":\"WebPage\",\"@id\":\"https:\/\/lecarredessports.fr\/index.php\/mentions-legales\/\",\"url\":\"https:\/\/lecarredessports.fr\/index.php\/mentions-legales\/\",\"name\":\"Mentions l\u00e9gales - Le Carr\u00e9 des Sports\",\"isPartOf\":{\"@id\":\"https:\/\/lecarredessports.fr\/#website\"},\"datePublished\":\"2023-12-11T09:54:20+00:00\",\"dateModified\":\"2026-03-17T10:22:53+00:00\",\"breadcrumb\":{\"@id\":\"https:\/\/lecarredessports.fr\/index.php\/mentions-legales\/#breadcrumb\"},\"inLanguage\":\"fr-FR\",\"potentialAction\":[{\"@type\":\"ReadAction\",\"target\":[\"https:\/\/lecarredessports.fr\/index.php\/mentions-legales\/\"]}]},{\"@type\":\"BreadcrumbList\",\"@id\":\"https:\/\/lecarredessports.fr\/index.php\/mentions-legales\/#breadcrumb\",\"itemListElement\":[{\"@type\":\"ListItem\",\"position\":1,\"name\":\"Accueil\",\"item\":\"https:\/\/lecarredessports.fr\/\"},{\"@type\":\"ListItem\",\"position\":2,\"name\":\"Mentions l\u00e9gales\"}]},{\"@type\":\"WebSite\",\"@id\":\"https:\/\/lecarredessports.fr\/#website\",\"url\":\"https:\/\/lecarredessports.fr\/\",\"name\":\"Le Carr\u00e9 des Sports\",\"description\":\"Brasserie sportive\",\"publisher\":{\"@id\":\"https:\/\/lecarredessports.fr\/#organization\"},\"potentialAction\":[{\"@type\":\"SearchAction\",\"target\":{\"@type\":\"EntryPoint\",\"urlTemplate\":\"https:\/\/lecarredessports.fr\/?s={search_term_string}\"},\"query-input\":\"required name=search_term_string\"}],\"inLanguage\":\"fr-FR\"},{\"@type\":\"Organization\",\"@id\":\"https:\/\/lecarredessports.fr\/#organization\",\"name\":\"Le Carr\u00e9 des Sports\",\"url\":\"https:\/\/lecarredessports.fr\/\",\"logo\":{\"@type\":\"ImageObject\",\"inLanguage\":\"fr-FR\",\"@id\":\"https:\/\/lecarredessports.fr\/#\/schema\/logo\/image\/\",\"url\":\"https:\/\/lecarredessports.fr\/wp-content\/uploads\/2024\/01\/cropped-Logo-definitif-LE-CARRE-DES-SPORTS-carre-1.png\",\"contentUrl\":\"https:\/\/lecarredessports.fr\/wp-content\/uploads\/2024\/01\/cropped-Logo-definitif-LE-CARRE-DES-SPORTS-carre-1.png\",\"width\":512,\"height\":512,\"caption\":\"Le Carr\u00e9 des Sports\"},\"image\":{\"@id\":\"https:\/\/lecarredessports.fr\/#\/schema\/logo\/image\/\"},\"sameAs\":[\"https:\/\/www.facebook.com\/profile.php?id=61554925211277\",\"https:\/\/www.instagram.com\/lecarredessports\/\"]}]}<\/script>\n<!-- \/ Yoast SEO plugin. -->","yoast_head_json":{"title":"Mentions l\u00e9gales - Le Carr\u00e9 des Sports","robots":{"index":"index","follow":"follow","max-snippet":"max-snippet:-1","max-image-preview":"max-image-preview:large","max-video-preview":"max-video-preview:-1"},"canonical":"https:\/\/lecarredessports.fr\/index.php\/mentions-legales\/","og_locale":"fr_FR","og_type":"article","og_title":"Mentions l\u00e9gales - Le Carr\u00e9 des Sports","og_description":"La T\u00f2caSi\u00e8ge social : 350 Avenue de Garossos 31700 BEAUZELLE SARL au capital de 2500 eurosN\u00b0 Siret 982 120 883 00011 \u2013 RCS TOULOUSECode APE 5610A \u2013 N\u00b0 TVA Intracommunautaire FR77982120883 T\u00e9l : 05.40.24.84.11 \u2013 Contact :&nbsp;contact@lecarredessports.fr H\u00e9bergement OVH \u2013 2 Rue Kellermann \u2013 59100 ROUBAIX France T\u00e9l : 08.20.69.87.65 Responsable de la publication : [&hellip;]","og_url":"https:\/\/lecarredessports.fr\/index.php\/mentions-legales\/","og_site_name":"Le Carr\u00e9 des Sports","article_publisher":"https:\/\/www.facebook.com\/profile.php?id=61554925211277","article_modified_time":"2026-03-17T10:22:53+00:00","twitter_card":"summary_large_image","twitter_misc":{"Dur\u00e9e de lecture estim\u00e9e":"2 minutes"},"schema":{"@context":"https:\/\/schema.org","@graph":[{"@type":"WebPage","@id":"https:\/\/lecarredessports.fr\/index.php\/mentions-legales\/","url":"https:\/\/lecarredessports.fr\/index.php\/mentions-legales\/","name":"Mentions l\u00e9gales - Le Carr\u00e9 des Sports","isPartOf":{"@id":"https:\/\/lecarredessports.fr\/#website"},"datePublished":"2023-12-11T09:54:20+00:00","dateModified":"2026-03-17T10:22:53+00:00","breadcrumb":{"@id":"https:\/\/lecarredessports.fr\/index.php\/mentions-legales\/#breadcrumb"},"inLanguage":"fr-FR","potentialAction":[{"@type":"ReadAction","target":["https:\/\/lecarredessports.fr\/index.php\/mentions-legales\/"]}]},{"@type":"BreadcrumbList","@id":"https:\/\/lecarredessports.fr\/index.php\/mentions-legales\/#breadcrumb","itemListElement":[{"@type":"ListItem","position":1,"name":"Accueil","item":"https:\/\/lecarredessports.fr\/"},{"@type":"ListItem","position":2,"name":"Mentions l\u00e9gales"}]},{"@type":"WebSite","@id":"https:\/\/lecarredessports.fr\/#website","url":"https:\/\/lecarredessports.fr\/","name":"Le Carr\u00e9 des Sports","description":"Brasserie sportive","publisher":{"@id":"https:\/\/lecarredessports.fr\/#organization"},"potentialAction":[{"@type":"SearchAction","target":{"@type":"EntryPoint","urlTemplate":"https:\/\/lecarredessports.fr\/?s={search_term_string}"},"query-input":"required name=search_term_string"}],"inLanguage":"fr-FR"},{"@type":"Organization","@id":"https:\/\/lecarredessports.fr\/#organization","name":"Le Carr\u00e9 des Sports","url":"https:\/\/lecarredessports.fr\/","logo":{"@type":"ImageObject","inLanguage":"fr-FR","@id":"https:\/\/lecarredessports.fr\/#\/schema\/logo\/image\/","url":"https:\/\/lecarredessports.fr\/wp-content\/uploads\/2024\/01\/cropped-Logo-definitif-LE-CARRE-DES-SPORTS-carre-1.png","contentUrl":"https:\/\/lecarredessports.fr\/wp-content\/uploads\/2024\/01\/cropped-Logo-definitif-LE-CARRE-DES-SPORTS-carre-1.png","width":512,"height":512,"caption":"Le Carr\u00e9 des Sports"},"image":{"@id":"https:\/\/lecarredessports.fr\/#\/schema\/logo\/image\/"},"sameAs":["https:\/\/www.facebook.com\/profile.php?id=61554925211277","https:\/\/www.instagram.com\/lecarredessports\/"]}]}},"_links":{"self":[{"href":"https:\/\/lecarredessports.fr\/index.php\/wp-json\/wp\/v2\/pages\/2","targetHints":{"allow":["GET"]}}],"collection":[{"href":"https:\/\/lecarredessports.fr\/index.php\/wp-json\/wp\/v2\/pages"}],"about":[{"href":"https:\/\/lecarredessports.fr\/index.php\/wp-json\/wp\/v2\/types\/page"}],"author":[{"embeddable":true,"href":"https:\/\/lecarredessports.fr\/index.php\/wp-json\/wp\/v2\/users\/1"}],"replies":[{"embeddable":true,"href":"https:\/\/lecarredessports.fr\/index.php\/wp-json\/wp\/v2\/comments?post=2"}],"version-history":[{"count":7,"href":"https:\/\/lecarredessports.fr\/index.php\/wp-json\/wp\/v2\/pages\/2\/revisions"}],"predecessor-version":[{"id":3798,"href":"https:\/\/lecarredessports.fr\/index.php\/wp-json\/wp\/v2\/pages\/2\/revisions\/3798"}],"wp:attachment":[{"href":"https:\/\/lecarredessports.fr\/index.php\/wp-json\/wp\/v2\/media?parent=2"}],"curies":[{"name":"wp","href":"https:\/\/api.w.org\/{rel}","templated":true}]}}